{"id":594,"date":"2021-04-28T17:45:13","date_gmt":"2021-04-28T15:45:13","guid":{"rendered":"https:\/\/flightradar.flights\/?page_id=594"},"modified":"2021-04-28T17:45:14","modified_gmt":"2021-04-28T15:45:14","slug":"rattsligt-meddelande","status":"publish","type":"page","link":"https:\/\/flightradar.flights\/sv\/rattsligt-meddelande\/","title":{"rendered":"R\u00e4ttsligt meddelande"},"content":{"rendered":"\n<p>Enligt \u00a7 5 TMG:<br>Portaloperat\u00f6r<br>MTM-marknadsf\u00f6ring<\/p>\n\n\n\n<p>Martin Mrosek<br>Bruktererhang 19<\/p>\n\n\n\n<p>45277 Essen<\/p>\n\n\n\n<p>Tyskland<\/p>\n\n\n\n<p>Skatte ID<\/p>\n\n\n\n<p>Momsnummer enligt \u00a727 a lag om moms:<br>DE (3) 13 729 250<\/p>\n\n\n\n<p>Kontakt e-post: Info [at] flightradar [dot] flygningar<\/p>\n\n\n\n<p>Telefon: [+49] 176 43537-798<\/p>\n\n\n\n<p>Anm\u00e4rkning om kontaktuppgifter:<\/p>\n\n\n\n<p>Kontaktuppgifterna som ges h\u00e4r f\u00e5r endast kontaktas av dig med relevanta fr\u00e5gor som \u00e4r relaterade till de produkter eller tj\u00e4nster som erbjuds av operat\u00f6ren av denna webbplats. Detta inkluderar ocks\u00e5 ett aff\u00e4rsintresse.<\/p>\n\n\n\n<p>I h\u00e4ndelse av felaktig anv\u00e4ndning (missbruk) av de kontaktuppgifter som anges h\u00e4r planerar operat\u00f6ren av denna webbplats att inleda r\u00e4ttsliga \u00e5tg\u00e4rder. Det \u00e4r inte heller till\u00e5tet att vidarebefordra eller bearbeta dessa uppgifter utan operat\u00f6rens samtycke.<\/p>\n\n\n\n<p>Missbruk intr\u00e4ffar n\u00e4r operat\u00f6ren skadas av tredje parts anv\u00e4ndning av kontaktuppgifterna.<\/p>\n\n\n\n<p>Anm\u00e4rkning om EU: s tvistl\u00f6sning:<\/p>\n\n\n\n<p>Europeiska kommissionen tillhandah\u00e5ller en plattform f\u00f6r tvistl\u00f6sning online: http:\/\/ec.europa.eu\/consumers\/odr<br>Du hittar v\u00e5r e-postadress i det juridiska meddelandet ovan.<\/p>\n\n\n\n<p>K\u00e4llor f\u00f6r bilder och grafik som anv\u00e4nds:<\/p>\n\n\n\n<p>adobe.stock<\/p>\n\n\n\n<p>Varning:<br>Ansvar f\u00f6r inneh\u00e5ll<\/p>\n\n\n\n<p>Inneh\u00e5llet p\u00e5 v\u00e5ra sidor skapades med stor omsorg. Vi kan dock inte ta n\u00e5got ansvar f\u00f6r inneh\u00e5llets riktighet, fullst\u00e4ndighet och aktualitet. Som tj\u00e4nsteleverant\u00f6r \u00e4r vi ansvariga f\u00f6r v\u00e5rt eget inneh\u00e5ll p\u00e5 dessa sidor i enlighet med allm\u00e4n lag i enlighet med avsnitt 7.1 i den tyska telemedialagen. Enligt \u00a7\u00a7 8 till 10 TMG \u00e4r vi som tj\u00e4nsteleverant\u00f6r inte skyldiga att \u00f6vervaka \u00f6verf\u00f6rd eller lagrad tredjepartsinformation eller att unders\u00f6ka omst\u00e4ndigheter som indikerar olaglig aktivitet. Skyldigheter att ta bort eller blockera anv\u00e4ndningen av information enligt allm\u00e4nna lagar p\u00e5verkas inte. Ansvar i detta avseende \u00e4r dock endast m\u00f6jligt fr\u00e5n den tidpunkt d\u00e5 vi blir medvetna om en specifik juridisk \u00f6vertr\u00e4delse. S\u00e5 snart vi blir medvetna om s\u00e5dana juridiska \u00f6vertr\u00e4delser tar vi bort detta inneh\u00e5ll omedelbart.<\/p>\n\n\n\n<p>Ansvar f\u00f6r l\u00e4nkar<\/p>\n\n\n\n<p>V\u00e5rt erbjudande inneh\u00e5ller l\u00e4nkar till externa tredjepartswebbplatser \u00f6ver vilka inneh\u00e5ll vi inte har n\u00e5got inflytande. D\u00e4rf\u00f6r kan vi inte ta n\u00e5got ansvar f\u00f6r detta tredjepartsinneh\u00e5ll. Respektive leverant\u00f6r eller operat\u00f6r av sidorna \u00e4r alltid ansvarig f\u00f6r inneh\u00e5llet p\u00e5 de l\u00e4nkade sidorna. De l\u00e4nkade sidorna kontrollerades f\u00f6r eventuella juridiska \u00f6vertr\u00e4delser n\u00e4r de l\u00e4nkades. Inget olagligt inneh\u00e5ll hittades n\u00e4r l\u00e4nken skapades. En permanent kontroll av inneh\u00e5llet p\u00e5 de l\u00e4nkade sidorna \u00e4r inte rimligt utan konkreta bevis f\u00f6r brott mot lagen. Om vi \u200b\u200bblir medvetna om juridiska \u00f6vertr\u00e4delser kommer vi att ta bort s\u00e5dana l\u00e4nkar omedelbart.<\/p>\n\n\n\n<p>upphovsr\u00e4tt<\/p>\n\n\n\n<p>Inneh\u00e5llet och verken p\u00e5 dessa sidor som skapats av webbplatsoperat\u00f6ren omfattas av tysk upphovsr\u00e4ttslag. Dubblering, bearbetning, distribution och vilken typ av exploatering som helst utanf\u00f6r gr\u00e4nserna f\u00f6r upphovsr\u00e4ttslagen kr\u00e4ver skriftligt medgivande fr\u00e5n respektive f\u00f6rfattare eller skapare. Nedladdningar och kopior av denna webbplats \u00e4r endast till\u00e5tna f\u00f6r privat, icke-kommersiellt bruk. I den m\u00e5n inneh\u00e5llet p\u00e5 denna webbplats inte skapades av operat\u00f6ren f\u00f6ljs upphovsr\u00e4tten fr\u00e5n tredje part. S\u00e4rskilt inneh\u00e5ll fr\u00e5n tredje part \u00e4r markerat som s\u00e5dant. Om du \u00e4nd\u00e5 blir medveten om upphovsr\u00e4ttsintr\u00e5ng, ber vi att du meddelar oss om detta. Om vi \u200b\u200bblir medvetna om lagliga \u00f6vertr\u00e4delser tar vi bort s\u00e5dant inneh\u00e5ll omedelbart.<\/p>\n","protected":false},"excerpt":{"rendered":"<p>Enligt \u00a7 5 TMG:Portaloperat\u00f6rMTM-marknadsf\u00f6ring Martin MrosekBruktererhang 19 45277 Essen Tyskland Skatte ID Momsnummer enligt \u00a727 a lag om moms:DE (3) 13 729 250 Kontakt e-post: Info [at] flightradar [dot] flygningar Telefon: [+49] 176 43537-798 Anm\u00e4rkning om kontaktuppgifter: Kontaktuppgifterna som ges h\u00e4r f\u00e5r endast kontaktas av dig med relevanta fr\u00e5gor som \u00e4r relaterade till de produkter &#8230; <\/p>\n<p class=\"read-more-container\"><a title=\"R\u00e4ttsligt meddelande\" class=\"read-more button\" href=\"https:\/\/flightradar.flights\/sv\/rattsligt-meddelande\/#more-594\" aria-label=\"Mer p\u00e5 R\u00e4ttsligt meddelande\">L\u00e4s mer<\/a><\/p>\n","protected":false},"author":1,"featured_media":0,"parent":0,"menu_order":0,"comment_status":"closed","ping_status":"closed","template":"","meta":{"footnotes":""},"class_list":["post-594","page","type-page","status-publish"],"yoast_head":"<!-- This site is optimized with the Yoast SEO plugin v27.2 - https:\/\/yoast.com\/product\/yoast-seo-wordpress\/ -->\n<title>R\u00e4ttsligt meddelande - flightradar.flights<\/title>\n<meta name=\"robots\" content=\"index, follow, max-snippet:-1, max-image-preview:large, max-video-preview:-1\" \/>\n<link rel=\"canonical\" href=\"https:\/\/flightradar.flights\/sv\/rattsligt-meddelande\/\" \/>\n<meta property=\"og:locale\" content=\"sv_SE\" \/>\n<meta property=\"og:type\" content=\"article\" \/>\n<meta property=\"og:title\" content=\"R\u00e4ttsligt meddelande - flightradar.flights\" \/>\n<meta property=\"og:description\" content=\"Enligt \u00a7 5 TMG:Portaloperat\u00f6rMTM-marknadsf\u00f6ring Martin MrosekBruktererhang 19 45277 Essen Tyskland Skatte ID Momsnummer enligt \u00a727 a lag om moms:DE (3) 13 729 250 Kontakt e-post: Info [at] flightradar [dot] flygningar Telefon: [+49] 176 43537-798 Anm\u00e4rkning om kontaktuppgifter: Kontaktuppgifterna som ges h\u00e4r f\u00e5r endast kontaktas av dig med relevanta fr\u00e5gor som \u00e4r relaterade till de produkter ... L\u00e4s mer\" \/>\n<meta property=\"og:url\" content=\"https:\/\/flightradar.flights\/sv\/rattsligt-meddelande\/\" \/>\n<meta property=\"og:site_name\" content=\"flightradar.flights\" \/>\n<meta property=\"article:modified_time\" content=\"2021-04-28T15:45:14+00:00\" \/>\n<meta property=\"og:image\" content=\"https:\/\/flightradar.flights\/content\/uploads\/2022\/01\/Logo200x200.jpg\" \/>\n\t<meta property=\"og:image:width\" content=\"200\" \/>\n\t<meta property=\"og:image:height\" content=\"200\" \/>\n\t<meta property=\"og:image:type\" content=\"image\/jpeg\" \/>\n<meta name=\"twitter:card\" content=\"summary_large_image\" \/>\n<meta name=\"twitter:label1\" content=\"Ber\u00e4knad l\u00e4stid\" \/>\n\t<meta name=\"twitter:data1\" content=\"3 minuter\" \/>\n<script type=\"application\/ld+json\" class=\"yoast-schema-graph\">{\"@context\":\"https:\/\/schema.org\",\"@graph\":[{\"@type\":\"WebPage\",\"@id\":\"https:\/\/flightradar.flights\/sv\/rattsligt-meddelande\/\",\"url\":\"https:\/\/flightradar.flights\/sv\/rattsligt-meddelande\/\",\"name\":\"R\u00e4ttsligt meddelande - flightradar.flights\",\"isPartOf\":{\"@id\":\"https:\/\/flightradar.flights\/sv\/#website\"},\"datePublished\":\"2021-04-28T15:45:13+00:00\",\"dateModified\":\"2021-04-28T15:45:14+00:00\",\"breadcrumb\":{\"@id\":\"https:\/\/flightradar.flights\/sv\/rattsligt-meddelande\/#breadcrumb\"},\"inLanguage\":\"sv-SE\",\"potentialAction\":[{\"@type\":\"ReadAction\",\"target\":[\"https:\/\/flightradar.flights\/sv\/rattsligt-meddelande\/\"]}]},{\"@type\":\"BreadcrumbList\",\"@id\":\"https:\/\/flightradar.flights\/sv\/rattsligt-meddelande\/#breadcrumb\",\"itemListElement\":[{\"@type\":\"ListItem\",\"position\":1,\"name\":\"Startseite\",\"item\":\"https:\/\/flightradar.flights\/sv\/\"},{\"@type\":\"ListItem\",\"position\":2,\"name\":\"R\u00e4ttsligt meddelande\"}]},{\"@type\":\"WebSite\",\"@id\":\"https:\/\/flightradar.flights\/sv\/#website\",\"url\":\"https:\/\/flightradar.flights\/sv\/\",\"name\":\"flightradar.flights\",\"description\":\"\",\"publisher\":{\"@id\":\"https:\/\/flightradar.flights\/sv\/#organization\"},\"potentialAction\":[{\"@type\":\"SearchAction\",\"target\":{\"@type\":\"EntryPoint\",\"urlTemplate\":\"https:\/\/flightradar.flights\/sv\/?s={search_term_string}\"},\"query-input\":{\"@type\":\"PropertyValueSpecification\",\"valueRequired\":true,\"valueName\":\"search_term_string\"}}],\"inLanguage\":\"sv-SE\"},{\"@type\":\"Organization\",\"@id\":\"https:\/\/flightradar.flights\/sv\/#organization\",\"name\":\"flightradar.flights\",\"url\":\"https:\/\/flightradar.flights\/sv\/\",\"logo\":{\"@type\":\"ImageObject\",\"inLanguage\":\"sv-SE\",\"@id\":\"https:\/\/flightradar.flights\/sv\/#\/schema\/logo\/image\/\",\"url\":\"https:\/\/flightradar.flights\/content\/uploads\/2022\/01\/Logo150x150.jpg\",\"contentUrl\":\"https:\/\/flightradar.flights\/content\/uploads\/2022\/01\/Logo150x150.jpg\",\"width\":150,\"height\":150,\"caption\":\"flightradar.flights\"},\"image\":{\"@id\":\"https:\/\/flightradar.flights\/sv\/#\/schema\/logo\/image\/\"}}]}<\/script>\n<!-- \/ Yoast SEO plugin. -->","yoast_head_json":{"title":"R\u00e4ttsligt meddelande - flightradar.flights","robots":{"index":"index","follow":"follow","max-snippet":"max-snippet:-1","max-image-preview":"max-image-preview:large","max-video-preview":"max-video-preview:-1"},"canonical":"https:\/\/flightradar.flights\/sv\/rattsligt-meddelande\/","og_locale":"sv_SE","og_type":"article","og_title":"R\u00e4ttsligt meddelande - flightradar.flights","og_description":"Enligt \u00a7 5 TMG:Portaloperat\u00f6rMTM-marknadsf\u00f6ring Martin MrosekBruktererhang 19 45277 Essen Tyskland Skatte ID Momsnummer enligt \u00a727 a lag om moms:DE (3) 13 729 250 Kontakt e-post: Info [at] flightradar [dot] flygningar Telefon: [+49] 176 43537-798 Anm\u00e4rkning om kontaktuppgifter: Kontaktuppgifterna som ges h\u00e4r f\u00e5r endast kontaktas av dig med relevanta fr\u00e5gor som \u00e4r relaterade till de produkter ... L\u00e4s mer","og_url":"https:\/\/flightradar.flights\/sv\/rattsligt-meddelande\/","og_site_name":"flightradar.flights","article_modified_time":"2021-04-28T15:45:14+00:00","og_image":[{"width":200,"height":200,"url":"https:\/\/flightradar.flights\/content\/uploads\/2022\/01\/Logo200x200.jpg","type":"image\/jpeg"}],"twitter_card":"summary_large_image","twitter_misc":{"Ber\u00e4knad l\u00e4stid":"3 minuter"},"schema":{"@context":"https:\/\/schema.org","@graph":[{"@type":"WebPage","@id":"https:\/\/flightradar.flights\/sv\/rattsligt-meddelande\/","url":"https:\/\/flightradar.flights\/sv\/rattsligt-meddelande\/","name":"R\u00e4ttsligt meddelande - flightradar.flights","isPartOf":{"@id":"https:\/\/flightradar.flights\/sv\/#website"},"datePublished":"2021-04-28T15:45:13+00:00","dateModified":"2021-04-28T15:45:14+00:00","breadcrumb":{"@id":"https:\/\/flightradar.flights\/sv\/rattsligt-meddelande\/#breadcrumb"},"inLanguage":"sv-SE","potentialAction":[{"@type":"ReadAction","target":["https:\/\/flightradar.flights\/sv\/rattsligt-meddelande\/"]}]},{"@type":"BreadcrumbList","@id":"https:\/\/flightradar.flights\/sv\/rattsligt-meddelande\/#breadcrumb","itemListElement":[{"@type":"ListItem","position":1,"name":"Startseite","item":"https:\/\/flightradar.flights\/sv\/"},{"@type":"ListItem","position":2,"name":"R\u00e4ttsligt meddelande"}]},{"@type":"WebSite","@id":"https:\/\/flightradar.flights\/sv\/#website","url":"https:\/\/flightradar.flights\/sv\/","name":"flightradar.flights","description":"","publisher":{"@id":"https:\/\/flightradar.flights\/sv\/#organization"},"potentialAction":[{"@type":"SearchAction","target":{"@type":"EntryPoint","urlTemplate":"https:\/\/flightradar.flights\/sv\/?s={search_term_string}"},"query-input":{"@type":"PropertyValueSpecification","valueRequired":true,"valueName":"search_term_string"}}],"inLanguage":"sv-SE"},{"@type":"Organization","@id":"https:\/\/flightradar.flights\/sv\/#organization","name":"flightradar.flights","url":"https:\/\/flightradar.flights\/sv\/","logo":{"@type":"ImageObject","inLanguage":"sv-SE","@id":"https:\/\/flightradar.flights\/sv\/#\/schema\/logo\/image\/","url":"https:\/\/flightradar.flights\/content\/uploads\/2022\/01\/Logo150x150.jpg","contentUrl":"https:\/\/flightradar.flights\/content\/uploads\/2022\/01\/Logo150x150.jpg","width":150,"height":150,"caption":"flightradar.flights"},"image":{"@id":"https:\/\/flightradar.flights\/sv\/#\/schema\/logo\/image\/"}}]}},"_links":{"self":[{"href":"https:\/\/flightradar.flights\/sv\/wp-json\/wp\/v2\/pages\/594","targetHints":{"allow":["GET"]}}],"collection":[{"href":"https:\/\/flightradar.flights\/sv\/wp-json\/wp\/v2\/pages"}],"about":[{"href":"https:\/\/flightradar.flights\/sv\/wp-json\/wp\/v2\/types\/page"}],"author":[{"embeddable":true,"href":"https:\/\/flightradar.flights\/sv\/wp-json\/wp\/v2\/users\/1"}],"replies":[{"embeddable":true,"href":"https:\/\/flightradar.flights\/sv\/wp-json\/wp\/v2\/comments?post=594"}],"version-history":[{"count":0,"href":"https:\/\/flightradar.flights\/sv\/wp-json\/wp\/v2\/pages\/594\/revisions"}],"wp:attachment":[{"href":"https:\/\/flightradar.flights\/sv\/wp-json\/wp\/v2\/media?parent=594"}],"curies":[{"name":"wp","href":"https:\/\/api.w.org\/{rel}","templated":true}]}}