{"id":590,"date":"2021-04-28T17:46:16","date_gmt":"2021-04-28T15:46:16","guid":{"rendered":"https:\/\/flightradar.flights\/?page_id=590"},"modified":"2021-04-28T17:46:17","modified_gmt":"2021-04-28T15:46:17","slug":"nota-prawna","status":"publish","type":"page","link":"https:\/\/flightradar.flights\/pl\/nota-prawna\/","title":{"rendered":"Nota prawna"},"content":{"rendered":"\n<p>Zgodnie z \u00a7 5 TMG:<br>Operator portalu<br>Marketing MTM<\/p>\n\n\n\n<p>Martin Mrosek<br>Bruktererhang 19<\/p>\n\n\n\n<p>45277 Essen<\/p>\n\n\n\n<p>Niemcy<\/p>\n\n\n\n<p>Identyfikator podatkowy<\/p>\n\n\n\n<p>Numer NIP zgodnie z \u00a727 ustawy o podatku obrotowym:<br>DE (3) 13 729 250<\/p>\n\n\n\n<p>E-mail kontaktowy: Informacje [at] loty flightradar [kropka]<\/p>\n\n\n\n<p>Telefon: [+49] 176 43537-798<\/p>\n\n\n\n<p>Uwaga dotycz\u0105ca danych kontaktowych:<\/p>\n\n\n\n<p>Z podanymi tutaj danymi kontaktowymi mo\u017cesz si\u0119 kontaktowa\u0107 wy\u0142\u0105cznie w sprawach zwi\u0105zanych z produktami lub us\u0142ugami oferowanymi przez operatora tej strony internetowej. Obejmuje to r\u00f3wnie\u017c interes biznesowy.<\/p>\n\n\n\n<p>W przypadku niew\u0142a\u015bciwego wykorzystania (nadu\u017cycia) podanych tutaj danych kontaktowych, operator tej strony internetowej planuje wszcz\u0105\u0107 post\u0119powanie prawne. Nie wolno r\u00f3wnie\u017c przekazywa\u0107 ani przetwarza\u0107 tych danych bez zgody operatora.<\/p>\n\n\n\n<p>Niew\u0142a\u015bciwe u\u017cycie ma miejsce, gdy operator zostaje skrzywdzony przez wykorzystanie danych kontaktowych przez osoby trzecie.<\/p>\n\n\n\n<p>Uwaga dotycz\u0105ca rozstrzygania spor\u00f3w w UE:<\/p>\n\n\n\n<p>Komisja Europejska zapewnia platform\u0119 do internetowego rozstrzygania spor\u00f3w (OS): http:\/\/ec.europa.eu\/consumers\/odr<br>Nasz adres e-mail mo\u017cna znale\u017a\u0107 w powy\u017cszej informacji prawnej.<\/p>\n\n\n\n<p>\u0179r\u00f3d\u0142a wykorzystanych obraz\u00f3w i grafik:<\/p>\n\n\n\n<p>adobe.stock<\/p>\n\n\n\n<p>Zrzeczenie si\u0119:<br>Odpowiedzialno\u015b\u0107 za tre\u015b\u0107<\/p>\n\n\n\n<p>Zawarto\u015b\u0107 naszych stron zosta\u0142a stworzona z wielk\u0105 staranno\u015bci\u0105. Nie mo\u017cemy jednak przej\u0105\u0107 \u017cadnej odpowiedzialno\u015bci za poprawno\u015b\u0107, kompletno\u015b\u0107 i aktualno\u015b\u0107 tre\u015bci. Jako us\u0142ugodawca odpowiadamy za w\u0142asne tre\u015bci na tych stronach zgodnie z og\u00f3lnymi przepisami zgodnie z \u00a7 7 ust. 1 niemieckiej ustawy o mediach elektronicznych. Zgodnie z \u00a7\u00a7 8 do 10 TMG jako us\u0142ugodawca nie jeste\u015bmy zobowi\u0105zani do monitorowania przekazywanych lub przechowywanych informacji os\u00f3b trzecich ani do badania okoliczno\u015bci wskazuj\u0105cych na nielegaln\u0105 dzia\u0142alno\u015b\u0107. Zobowi\u0105zania do usuni\u0119cia lub zablokowania korzystania z informacji zgodnie z og\u00f3lnymi przepisami pozostaj\u0105 nienaruszone. Odpowiedzialno\u015b\u0107 w tym zakresie jest jednak mo\u017cliwa dopiero od momentu, w kt\u00f3rym dowiemy si\u0119 o konkretnym naruszeniu prawa. Gdy tylko dowiemy si\u0119 o takich naruszeniach prawa, natychmiast usuniemy te tre\u015bci.<\/p>\n\n\n\n<p>Odpowiedzialno\u015b\u0107 za linki<\/p>\n\n\n\n<p>Nasza oferta zawiera linki do zewn\u0119trznych stron internetowych os\u00f3b trzecich, na kt\u00f3rych tre\u015b\u0107 nie mamy wp\u0142ywu. Dlatego nie mo\u017cemy ponosi\u0107 \u017cadnej odpowiedzialno\u015bci za te tre\u015bci os\u00f3b trzecich. Za tre\u015b\u0107 stron, do kt\u00f3rych prowadz\u0105 linki, odpowiedzialny jest zawsze dostawca lub operator stron. Po\u0142\u0105czone strony zosta\u0142y sprawdzone pod k\u0105tem mo\u017cliwych narusze\u0144 prawa w momencie, gdy zosta\u0142y po\u0142\u0105czone. W momencie tworzenia linku nie znaleziono \u017cadnych nielegalnych tre\u015bci. Sta\u0142a kontrola tre\u015bci stron, do kt\u00f3rych prowadz\u0105 linki, nie jest uzasadniona bez konkretnych dowod\u00f3w naruszenia prawa. Je\u015bli dowiemy si\u0119 o naruszeniach prawa, natychmiast usuniemy takie linki.<\/p>\n\n\n\n<p>Prawo autorskie<\/p>\n\n\n\n<p>Tre\u015bci i dzie\u0142a na tych stronach stworzone przez operatora strony podlegaj\u0105 niemieckiemu prawu autorskiemu. Powielanie, przetwarzanie, rozpowszechnianie i wszelkiego rodzaju wykorzystywanie poza granicami prawa autorskiego wymaga pisemnej zgody odpowiedniego autora lub tw\u00f3rcy. Pliki do pobrania i kopie tej witryny s\u0105 dozwolone wy\u0142\u0105cznie do prywatnego, niekomercyjnego u\u017cytku. O ile tre\u015bci na tej stronie nie zosta\u0142y stworzone przez operatora, przestrzegane s\u0105 prawa autorskie os\u00f3b trzecich. W szczeg\u00f3lno\u015bci tre\u015bci os\u00f3b trzecich s\u0105 jako takie oznaczone. Je\u015bli mimo wszystko dowiesz si\u0119 o naruszeniu praw autorskich, prosimy o poinformowanie nas o tym. Je\u015bli dowiemy si\u0119 o naruszeniach prawa, natychmiast usuniemy takie tre\u015bci.<\/p>\n","protected":false},"excerpt":{"rendered":"<p>Zgodnie z \u00a7 5 TMG:Operator portaluMarketing MTM Martin MrosekBruktererhang 19 45277 Essen Niemcy Identyfikator podatkowy Numer NIP zgodnie z \u00a727 ustawy o podatku obrotowym:DE (3) 13 729 250 E-mail kontaktowy: Informacje [at] loty flightradar [kropka] Telefon: [+49] 176 43537-798 Uwaga dotycz\u0105ca danych kontaktowych: Z podanymi tutaj danymi kontaktowymi mo\u017cesz si\u0119 kontaktowa\u0107 wy\u0142\u0105cznie w sprawach zwi\u0105zanych &#8230; <\/p>\n<p class=\"read-more-container\"><a title=\"Nota prawna\" class=\"read-more button\" href=\"https:\/\/flightradar.flights\/pl\/nota-prawna\/#more-590\" aria-label=\"More on Nota prawna\">Czytaj dalej<\/a><\/p>\n","protected":false},"author":1,"featured_media":0,"parent":0,"menu_order":0,"comment_status":"closed","ping_status":"closed","template":"","meta":{"footnotes":""},"class_list":["post-590","page","type-page","status-publish"],"yoast_head":"<!-- This site is optimized with the Yoast SEO plugin v27.2 - https:\/\/yoast.com\/product\/yoast-seo-wordpress\/ -->\n<title>Nota prawna - flightradar.flights<\/title>\n<meta name=\"robots\" content=\"index, follow, max-snippet:-1, max-image-preview:large, max-video-preview:-1\" \/>\n<link rel=\"canonical\" href=\"https:\/\/flightradar.flights\/pl\/nota-prawna\/\" \/>\n<meta property=\"og:locale\" content=\"pl_PL\" \/>\n<meta property=\"og:type\" content=\"article\" \/>\n<meta property=\"og:title\" content=\"Nota prawna - flightradar.flights\" \/>\n<meta property=\"og:description\" content=\"Zgodnie z \u00a7 5 TMG:Operator portaluMarketing MTM Martin MrosekBruktererhang 19 45277 Essen Niemcy Identyfikator podatkowy Numer NIP zgodnie z \u00a727 ustawy o podatku obrotowym:DE (3) 13 729 250 E-mail kontaktowy: Informacje [at] loty flightradar [kropka] Telefon: [+49] 176 43537-798 Uwaga dotycz\u0105ca danych kontaktowych: Z podanymi tutaj danymi kontaktowymi mo\u017cesz si\u0119 kontaktowa\u0107 wy\u0142\u0105cznie w sprawach zwi\u0105zanych ... Czytaj dalej\" \/>\n<meta property=\"og:url\" content=\"https:\/\/flightradar.flights\/pl\/nota-prawna\/\" \/>\n<meta property=\"og:site_name\" content=\"flightradar.flights\" \/>\n<meta property=\"article:modified_time\" content=\"2021-04-28T15:46:17+00:00\" \/>\n<meta property=\"og:image\" content=\"https:\/\/flightradar.flights\/content\/uploads\/2022\/01\/Logo200x200.jpg\" \/>\n\t<meta property=\"og:image:width\" content=\"200\" \/>\n\t<meta property=\"og:image:height\" content=\"200\" \/>\n\t<meta property=\"og:image:type\" content=\"image\/jpeg\" \/>\n<meta name=\"twitter:card\" content=\"summary_large_image\" \/>\n<meta name=\"twitter:label1\" content=\"Szacowany czas czytania\" \/>\n\t<meta name=\"twitter:data1\" content=\"3 minuty\" \/>\n<script type=\"application\/ld+json\" class=\"yoast-schema-graph\">{\"@context\":\"https:\/\/schema.org\",\"@graph\":[{\"@type\":\"WebPage\",\"@id\":\"https:\/\/flightradar.flights\/pl\/nota-prawna\/\",\"url\":\"https:\/\/flightradar.flights\/pl\/nota-prawna\/\",\"name\":\"Nota prawna - flightradar.flights\",\"isPartOf\":{\"@id\":\"https:\/\/flightradar.flights\/pl\/#website\"},\"datePublished\":\"2021-04-28T15:46:16+00:00\",\"dateModified\":\"2021-04-28T15:46:17+00:00\",\"breadcrumb\":{\"@id\":\"https:\/\/flightradar.flights\/pl\/nota-prawna\/#breadcrumb\"},\"inLanguage\":\"pl-PL\",\"potentialAction\":[{\"@type\":\"ReadAction\",\"target\":[\"https:\/\/flightradar.flights\/pl\/nota-prawna\/\"]}]},{\"@type\":\"BreadcrumbList\",\"@id\":\"https:\/\/flightradar.flights\/pl\/nota-prawna\/#breadcrumb\",\"itemListElement\":[{\"@type\":\"ListItem\",\"position\":1,\"name\":\"Startseite\",\"item\":\"https:\/\/flightradar.flights\/pl\/\"},{\"@type\":\"ListItem\",\"position\":2,\"name\":\"Nota prawna\"}]},{\"@type\":\"WebSite\",\"@id\":\"https:\/\/flightradar.flights\/pl\/#website\",\"url\":\"https:\/\/flightradar.flights\/pl\/\",\"name\":\"flightradar.flights\",\"description\":\"\",\"publisher\":{\"@id\":\"https:\/\/flightradar.flights\/pl\/#organization\"},\"potentialAction\":[{\"@type\":\"SearchAction\",\"target\":{\"@type\":\"EntryPoint\",\"urlTemplate\":\"https:\/\/flightradar.flights\/pl\/?s={search_term_string}\"},\"query-input\":{\"@type\":\"PropertyValueSpecification\",\"valueRequired\":true,\"valueName\":\"search_term_string\"}}],\"inLanguage\":\"pl-PL\"},{\"@type\":\"Organization\",\"@id\":\"https:\/\/flightradar.flights\/pl\/#organization\",\"name\":\"flightradar.flights\",\"url\":\"https:\/\/flightradar.flights\/pl\/\",\"logo\":{\"@type\":\"ImageObject\",\"inLanguage\":\"pl-PL\",\"@id\":\"https:\/\/flightradar.flights\/pl\/#\/schema\/logo\/image\/\",\"url\":\"https:\/\/flightradar.flights\/content\/uploads\/2022\/01\/Logo150x150.jpg\",\"contentUrl\":\"https:\/\/flightradar.flights\/content\/uploads\/2022\/01\/Logo150x150.jpg\",\"width\":150,\"height\":150,\"caption\":\"flightradar.flights\"},\"image\":{\"@id\":\"https:\/\/flightradar.flights\/pl\/#\/schema\/logo\/image\/\"}}]}<\/script>\n<!-- \/ Yoast SEO plugin. -->","yoast_head_json":{"title":"Nota prawna - flightradar.flights","robots":{"index":"index","follow":"follow","max-snippet":"max-snippet:-1","max-image-preview":"max-image-preview:large","max-video-preview":"max-video-preview:-1"},"canonical":"https:\/\/flightradar.flights\/pl\/nota-prawna\/","og_locale":"pl_PL","og_type":"article","og_title":"Nota prawna - flightradar.flights","og_description":"Zgodnie z \u00a7 5 TMG:Operator portaluMarketing MTM Martin MrosekBruktererhang 19 45277 Essen Niemcy Identyfikator podatkowy Numer NIP zgodnie z \u00a727 ustawy o podatku obrotowym:DE (3) 13 729 250 E-mail kontaktowy: Informacje [at] loty flightradar [kropka] Telefon: [+49] 176 43537-798 Uwaga dotycz\u0105ca danych kontaktowych: Z podanymi tutaj danymi kontaktowymi mo\u017cesz si\u0119 kontaktowa\u0107 wy\u0142\u0105cznie w sprawach zwi\u0105zanych ... Czytaj dalej","og_url":"https:\/\/flightradar.flights\/pl\/nota-prawna\/","og_site_name":"flightradar.flights","article_modified_time":"2021-04-28T15:46:17+00:00","og_image":[{"width":200,"height":200,"url":"https:\/\/flightradar.flights\/content\/uploads\/2022\/01\/Logo200x200.jpg","type":"image\/jpeg"}],"twitter_card":"summary_large_image","twitter_misc":{"Szacowany czas czytania":"3 minuty"},"schema":{"@context":"https:\/\/schema.org","@graph":[{"@type":"WebPage","@id":"https:\/\/flightradar.flights\/pl\/nota-prawna\/","url":"https:\/\/flightradar.flights\/pl\/nota-prawna\/","name":"Nota prawna - flightradar.flights","isPartOf":{"@id":"https:\/\/flightradar.flights\/pl\/#website"},"datePublished":"2021-04-28T15:46:16+00:00","dateModified":"2021-04-28T15:46:17+00:00","breadcrumb":{"@id":"https:\/\/flightradar.flights\/pl\/nota-prawna\/#breadcrumb"},"inLanguage":"pl-PL","potentialAction":[{"@type":"ReadAction","target":["https:\/\/flightradar.flights\/pl\/nota-prawna\/"]}]},{"@type":"BreadcrumbList","@id":"https:\/\/flightradar.flights\/pl\/nota-prawna\/#breadcrumb","itemListElement":[{"@type":"ListItem","position":1,"name":"Startseite","item":"https:\/\/flightradar.flights\/pl\/"},{"@type":"ListItem","position":2,"name":"Nota prawna"}]},{"@type":"WebSite","@id":"https:\/\/flightradar.flights\/pl\/#website","url":"https:\/\/flightradar.flights\/pl\/","name":"flightradar.flights","description":"","publisher":{"@id":"https:\/\/flightradar.flights\/pl\/#organization"},"potentialAction":[{"@type":"SearchAction","target":{"@type":"EntryPoint","urlTemplate":"https:\/\/flightradar.flights\/pl\/?s={search_term_string}"},"query-input":{"@type":"PropertyValueSpecification","valueRequired":true,"valueName":"search_term_string"}}],"inLanguage":"pl-PL"},{"@type":"Organization","@id":"https:\/\/flightradar.flights\/pl\/#organization","name":"flightradar.flights","url":"https:\/\/flightradar.flights\/pl\/","logo":{"@type":"ImageObject","inLanguage":"pl-PL","@id":"https:\/\/flightradar.flights\/pl\/#\/schema\/logo\/image\/","url":"https:\/\/flightradar.flights\/content\/uploads\/2022\/01\/Logo150x150.jpg","contentUrl":"https:\/\/flightradar.flights\/content\/uploads\/2022\/01\/Logo150x150.jpg","width":150,"height":150,"caption":"flightradar.flights"},"image":{"@id":"https:\/\/flightradar.flights\/pl\/#\/schema\/logo\/image\/"}}]}},"_links":{"self":[{"href":"https:\/\/flightradar.flights\/pl\/wp-json\/wp\/v2\/pages\/590","targetHints":{"allow":["GET"]}}],"collection":[{"href":"https:\/\/flightradar.flights\/pl\/wp-json\/wp\/v2\/pages"}],"about":[{"href":"https:\/\/flightradar.flights\/pl\/wp-json\/wp\/v2\/types\/page"}],"author":[{"embeddable":true,"href":"https:\/\/flightradar.flights\/pl\/wp-json\/wp\/v2\/users\/1"}],"replies":[{"embeddable":true,"href":"https:\/\/flightradar.flights\/pl\/wp-json\/wp\/v2\/comments?post=590"}],"version-history":[{"count":0,"href":"https:\/\/flightradar.flights\/pl\/wp-json\/wp\/v2\/pages\/590\/revisions"}],"wp:attachment":[{"href":"https:\/\/flightradar.flights\/pl\/wp-json\/wp\/v2\/media?parent=590"}],"curies":[{"name":"wp","href":"https:\/\/api.w.org\/{rel}","templated":true}]}}