{"id":585,"date":"2021-04-28T17:47:46","date_gmt":"2021-04-28T15:47:46","guid":{"rendered":"https:\/\/flightradar.flights\/?page_id=585"},"modified":"2021-04-28T17:47:47","modified_gmt":"2021-04-28T15:47:47","slug":"mention-legale","status":"publish","type":"page","link":"https:\/\/flightradar.flights\/fr\/mention-legale\/","title":{"rendered":"Mention l\u00e9gale"},"content":{"rendered":"\n<p>Selon \u00a7 5 TMG:<br>Op\u00e9rateur du portail<br>Marketing MTM<\/p>\n\n\n\n<p>Martin Mrosek<br>Bruktererhang 19<\/p>\n\n\n\n<p>45277 Essen<\/p>\n\n\n\n<p>Allemagne<\/p>\n\n\n\n<p>Num\u00e9ro d&rsquo;identification fiscale<\/p>\n\n\n\n<p>Num\u00e9ro d&rsquo;identification de la taxe de vente selon \u00a727 une loi sur la taxe de vente:<br>DE (3) 13 729 250<\/p>\n\n\n\n<p>Adresse e-mail de contact: Info [at] flightradar [dot] vols<\/p>\n\n\n\n<p>T\u00e9l\u00e9phone: [+49] 176 43537-798<\/p>\n\n\n\n<p>Remarque sur les coordonn\u00e9es:<\/p>\n\n\n\n<p>Les coordonn\u00e9es fournies ici ne peuvent \u00eatre contact\u00e9es par vous que pour des pr\u00e9occupations pertinentes li\u00e9es aux produits ou services propos\u00e9s par l&rsquo;exploitant de ce site Web. Cela comprend \u00e9galement un int\u00e9r\u00eat commercial.<\/p>\n\n\n\n<p>En cas d&rsquo;utilisation inappropri\u00e9e (mauvaise utilisation) des coordonn\u00e9es fournies ici, l&rsquo;exploitant de ce site Web pr\u00e9voit d&rsquo;engager une action en justice. Il est \u00e9galement interdit de transmettre ou de traiter ces donn\u00e9es sans le consentement de l&rsquo;exploitant.<\/p>\n\n\n\n<p>Une mauvaise utilisation se produit lorsque l&rsquo;op\u00e9rateur est l\u00e9s\u00e9 par l&rsquo;utilisation des donn\u00e9es de contact par des tiers.<\/p>\n\n\n\n<p>Note sur le r\u00e8glement des diff\u00e9rends de l&rsquo;UE:<\/p>\n\n\n\n<p>La Commission europ\u00e9enne fournit une plate-forme de r\u00e9solution des litiges en ligne (OS): http:\/\/ec.europa.eu\/consumers\/odr<br>Vous pouvez trouver notre adresse e-mail dans les mentions l\u00e9gales ci-dessus.<\/p>\n\n\n\n<p>Sources des images et graphiques utilis\u00e9s:<\/p>\n\n\n\n<p>adobe.stock<\/p>\n\n\n\n<p>Avertissement:<br>Responsabilit\u00e9 pour le contenu<\/p>\n\n\n\n<p>Le contenu de nos pages a \u00e9t\u00e9 cr\u00e9\u00e9 avec le plus grand soin. Cependant, nous d\u00e9clinons toute responsabilit\u00e9 quant \u00e0 l&rsquo;exactitude, l&rsquo;exhaustivit\u00e9 et l&rsquo;actualit\u00e9 du contenu. En tant que fournisseur de services, nous sommes responsables de notre propre contenu sur ces pages conform\u00e9ment au droit g\u00e9n\u00e9ral conform\u00e9ment \u00e0 l&rsquo;article 7 (1) de la loi allemande sur les t\u00e9l\u00e9m\u00e9dias. Selon les \u00a7\u00a7 8 \u00e0 10 TMG, en tant que fournisseur de services, nous ne sommes pas tenus de surveiller les informations de tiers transmises ou stock\u00e9es ou de rechercher des circonstances qui indiquent une activit\u00e9 ill\u00e9gale. Les obligations de supprimer ou de bloquer l&rsquo;utilisation des informations conform\u00e9ment aux lois g\u00e9n\u00e9rales restent inchang\u00e9es. Cependant, la responsabilit\u00e9 \u00e0 cet \u00e9gard n&rsquo;est possible qu&rsquo;\u00e0 partir du moment o\u00f9 nous prenons connaissance d&rsquo;une violation de la loi sp\u00e9cifique. D\u00e8s que nous aurons connaissance de telles violations de la loi, nous supprimerons ce contenu imm\u00e9diatement.<\/p>\n\n\n\n<p>Responsabilit\u00e9 pour les liens<\/p>\n\n\n\n<p>Notre offre contient des liens vers des sites Web tiers externes, sur le contenu desquels nous n&rsquo;avons aucune influence. Par cons\u00e9quent, nous ne pouvons accepter aucune responsabilit\u00e9 pour ce contenu tiers. Le fournisseur ou l&rsquo;exploitant respectif des pages est toujours responsable du contenu des pages li\u00e9es. Les pages li\u00e9es ont \u00e9t\u00e9 v\u00e9rifi\u00e9es pour d&rsquo;\u00e9ventuelles violations de la loi au moment o\u00f9 elles ont \u00e9t\u00e9 li\u00e9es. Aucun contenu ill\u00e9gal n&rsquo;a \u00e9t\u00e9 trouv\u00e9 au moment de la cr\u00e9ation du lien. Un contr\u00f4le permanent du contenu des pages li\u00e9es n&rsquo;est pas raisonnable sans preuve concr\u00e8te d&rsquo;une violation de la loi. Si nous prenons connaissance de violations de la loi, nous supprimerons ces liens imm\u00e9diatement.<\/p>\n\n\n\n<p>droits d&rsquo;auteur<\/p>\n\n\n\n<p>Le contenu et les travaux de ces pages cr\u00e9\u00e9s par l&rsquo;exploitant du site Web sont soumis au droit d&rsquo;auteur allemand. La duplication, le traitement, la distribution et tout type d&rsquo;exploitation en dehors des limites de la loi sur le droit d&rsquo;auteur n\u00e9cessitent le consentement \u00e9crit de l&rsquo;auteur ou du cr\u00e9ateur respectif. Les t\u00e9l\u00e9chargements et copies de ce site Web ne sont autoris\u00e9s que pour un usage priv\u00e9 et non commercial. Dans la mesure o\u00f9 le contenu de ce site n&rsquo;a pas \u00e9t\u00e9 cr\u00e9\u00e9 par l&rsquo;exploitant, les droits d&rsquo;auteur de tiers sont respect\u00e9s. En particulier, les contenus de tiers sont signal\u00e9s comme tels. Si vous avez n\u00e9anmoins connaissance d&rsquo;une violation du droit d&rsquo;auteur, nous vous demandons de nous en informer. Si nous prenons connaissance de violations de la loi, nous supprimerons ce contenu imm\u00e9diatement.<\/p>\n","protected":false},"excerpt":{"rendered":"<p>Selon \u00a7 5 TMG:Op\u00e9rateur du portailMarketing MTM Martin MrosekBruktererhang 19 45277 Essen Allemagne Num\u00e9ro d&rsquo;identification fiscale Num\u00e9ro d&rsquo;identification de la taxe de vente selon \u00a727 une loi sur la taxe de vente:DE (3) 13 729 250 Adresse e-mail de contact: Info [at] flightradar [dot] vols T\u00e9l\u00e9phone: [+49] 176 43537-798 Remarque sur les coordonn\u00e9es: Les coordonn\u00e9es &#8230; <\/p>\n<p class=\"read-more-container\"><a title=\"Mention l\u00e9gale\" class=\"read-more button\" href=\"https:\/\/flightradar.flights\/fr\/mention-legale\/#more-585\" aria-label=\"Plus sur Mention l\u00e9gale\">Lire plus<\/a><\/p>\n","protected":false},"author":1,"featured_media":0,"parent":0,"menu_order":0,"comment_status":"closed","ping_status":"closed","template":"","meta":{"footnotes":""},"class_list":["post-585","page","type-page","status-publish"],"yoast_head":"<!-- This site is optimized with the Yoast SEO plugin v27.2 - https:\/\/yoast.com\/product\/yoast-seo-wordpress\/ -->\n<title>Mention l\u00e9gale - flightradar.flights<\/title>\n<meta name=\"robots\" content=\"index, follow, max-snippet:-1, max-image-preview:large, max-video-preview:-1\" \/>\n<link rel=\"canonical\" href=\"https:\/\/flightradar.flights\/fr\/mention-legale\/\" \/>\n<meta property=\"og:locale\" content=\"fr_FR\" \/>\n<meta property=\"og:type\" content=\"article\" \/>\n<meta property=\"og:title\" content=\"Mention l\u00e9gale - flightradar.flights\" \/>\n<meta property=\"og:description\" content=\"Selon \u00a7 5 TMG:Op\u00e9rateur du portailMarketing MTM Martin MrosekBruktererhang 19 45277 Essen Allemagne Num\u00e9ro d&rsquo;identification fiscale Num\u00e9ro d&rsquo;identification de la taxe de vente selon \u00a727 une loi sur la taxe de vente:DE (3) 13 729 250 Adresse e-mail de contact: Info [at] flightradar [dot] vols T\u00e9l\u00e9phone: [+49] 176 43537-798 Remarque sur les coordonn\u00e9es: Les coordonn\u00e9es ... Lire plus\" \/>\n<meta property=\"og:url\" content=\"https:\/\/flightradar.flights\/fr\/mention-legale\/\" \/>\n<meta property=\"og:site_name\" content=\"flightradar.flights\" \/>\n<meta property=\"article:modified_time\" content=\"2021-04-28T15:47:47+00:00\" \/>\n<meta property=\"og:image\" content=\"https:\/\/flightradar.flights\/content\/uploads\/2022\/01\/Logo200x200.jpg\" \/>\n\t<meta property=\"og:image:width\" content=\"200\" \/>\n\t<meta property=\"og:image:height\" content=\"200\" \/>\n\t<meta property=\"og:image:type\" content=\"image\/jpeg\" \/>\n<meta name=\"twitter:card\" content=\"summary_large_image\" \/>\n<meta name=\"twitter:label1\" content=\"Dur\u00e9e de lecture estim\u00e9e\" \/>\n\t<meta name=\"twitter:data1\" content=\"3 minutes\" \/>\n<script type=\"application\/ld+json\" class=\"yoast-schema-graph\">{\"@context\":\"https:\/\/schema.org\",\"@graph\":[{\"@type\":\"WebPage\",\"@id\":\"https:\/\/flightradar.flights\/fr\/mention-legale\/\",\"url\":\"https:\/\/flightradar.flights\/fr\/mention-legale\/\",\"name\":\"Mention l\u00e9gale - flightradar.flights\",\"isPartOf\":{\"@id\":\"https:\/\/flightradar.flights\/fr\/#website\"},\"datePublished\":\"2021-04-28T15:47:46+00:00\",\"dateModified\":\"2021-04-28T15:47:47+00:00\",\"breadcrumb\":{\"@id\":\"https:\/\/flightradar.flights\/fr\/mention-legale\/#breadcrumb\"},\"inLanguage\":\"fr-FR\",\"potentialAction\":[{\"@type\":\"ReadAction\",\"target\":[\"https:\/\/flightradar.flights\/fr\/mention-legale\/\"]}]},{\"@type\":\"BreadcrumbList\",\"@id\":\"https:\/\/flightradar.flights\/fr\/mention-legale\/#breadcrumb\",\"itemListElement\":[{\"@type\":\"ListItem\",\"position\":1,\"name\":\"Startseite\",\"item\":\"https:\/\/flightradar.flights\/fr\/\"},{\"@type\":\"ListItem\",\"position\":2,\"name\":\"Mention l\u00e9gale\"}]},{\"@type\":\"WebSite\",\"@id\":\"https:\/\/flightradar.flights\/fr\/#website\",\"url\":\"https:\/\/flightradar.flights\/fr\/\",\"name\":\"flightradar.flights\",\"description\":\"\",\"publisher\":{\"@id\":\"https:\/\/flightradar.flights\/fr\/#organization\"},\"potentialAction\":[{\"@type\":\"SearchAction\",\"target\":{\"@type\":\"EntryPoint\",\"urlTemplate\":\"https:\/\/flightradar.flights\/fr\/?s={search_term_string}\"},\"query-input\":{\"@type\":\"PropertyValueSpecification\",\"valueRequired\":true,\"valueName\":\"search_term_string\"}}],\"inLanguage\":\"fr-FR\"},{\"@type\":\"Organization\",\"@id\":\"https:\/\/flightradar.flights\/fr\/#organization\",\"name\":\"flightradar.flights\",\"url\":\"https:\/\/flightradar.flights\/fr\/\",\"logo\":{\"@type\":\"ImageObject\",\"inLanguage\":\"fr-FR\",\"@id\":\"https:\/\/flightradar.flights\/fr\/#\/schema\/logo\/image\/\",\"url\":\"https:\/\/flightradar.flights\/content\/uploads\/2022\/01\/Logo150x150.jpg\",\"contentUrl\":\"https:\/\/flightradar.flights\/content\/uploads\/2022\/01\/Logo150x150.jpg\",\"width\":150,\"height\":150,\"caption\":\"flightradar.flights\"},\"image\":{\"@id\":\"https:\/\/flightradar.flights\/fr\/#\/schema\/logo\/image\/\"}}]}<\/script>\n<!-- \/ Yoast SEO plugin. -->","yoast_head_json":{"title":"Mention l\u00e9gale - flightradar.flights","robots":{"index":"index","follow":"follow","max-snippet":"max-snippet:-1","max-image-preview":"max-image-preview:large","max-video-preview":"max-video-preview:-1"},"canonical":"https:\/\/flightradar.flights\/fr\/mention-legale\/","og_locale":"fr_FR","og_type":"article","og_title":"Mention l\u00e9gale - flightradar.flights","og_description":"Selon \u00a7 5 TMG:Op\u00e9rateur du portailMarketing MTM Martin MrosekBruktererhang 19 45277 Essen Allemagne Num\u00e9ro d&rsquo;identification fiscale Num\u00e9ro d&rsquo;identification de la taxe de vente selon \u00a727 une loi sur la taxe de vente:DE (3) 13 729 250 Adresse e-mail de contact: Info [at] flightradar [dot] vols T\u00e9l\u00e9phone: [+49] 176 43537-798 Remarque sur les coordonn\u00e9es: Les coordonn\u00e9es ... Lire plus","og_url":"https:\/\/flightradar.flights\/fr\/mention-legale\/","og_site_name":"flightradar.flights","article_modified_time":"2021-04-28T15:47:47+00:00","og_image":[{"width":200,"height":200,"url":"https:\/\/flightradar.flights\/content\/uploads\/2022\/01\/Logo200x200.jpg","type":"image\/jpeg"}],"twitter_card":"summary_large_image","twitter_misc":{"Dur\u00e9e de lecture estim\u00e9e":"3 minutes"},"schema":{"@context":"https:\/\/schema.org","@graph":[{"@type":"WebPage","@id":"https:\/\/flightradar.flights\/fr\/mention-legale\/","url":"https:\/\/flightradar.flights\/fr\/mention-legale\/","name":"Mention l\u00e9gale - flightradar.flights","isPartOf":{"@id":"https:\/\/flightradar.flights\/fr\/#website"},"datePublished":"2021-04-28T15:47:46+00:00","dateModified":"2021-04-28T15:47:47+00:00","breadcrumb":{"@id":"https:\/\/flightradar.flights\/fr\/mention-legale\/#breadcrumb"},"inLanguage":"fr-FR","potentialAction":[{"@type":"ReadAction","target":["https:\/\/flightradar.flights\/fr\/mention-legale\/"]}]},{"@type":"BreadcrumbList","@id":"https:\/\/flightradar.flights\/fr\/mention-legale\/#breadcrumb","itemListElement":[{"@type":"ListItem","position":1,"name":"Startseite","item":"https:\/\/flightradar.flights\/fr\/"},{"@type":"ListItem","position":2,"name":"Mention l\u00e9gale"}]},{"@type":"WebSite","@id":"https:\/\/flightradar.flights\/fr\/#website","url":"https:\/\/flightradar.flights\/fr\/","name":"flightradar.flights","description":"","publisher":{"@id":"https:\/\/flightradar.flights\/fr\/#organization"},"potentialAction":[{"@type":"SearchAction","target":{"@type":"EntryPoint","urlTemplate":"https:\/\/flightradar.flights\/fr\/?s={search_term_string}"},"query-input":{"@type":"PropertyValueSpecification","valueRequired":true,"valueName":"search_term_string"}}],"inLanguage":"fr-FR"},{"@type":"Organization","@id":"https:\/\/flightradar.flights\/fr\/#organization","name":"flightradar.flights","url":"https:\/\/flightradar.flights\/fr\/","logo":{"@type":"ImageObject","inLanguage":"fr-FR","@id":"https:\/\/flightradar.flights\/fr\/#\/schema\/logo\/image\/","url":"https:\/\/flightradar.flights\/content\/uploads\/2022\/01\/Logo150x150.jpg","contentUrl":"https:\/\/flightradar.flights\/content\/uploads\/2022\/01\/Logo150x150.jpg","width":150,"height":150,"caption":"flightradar.flights"},"image":{"@id":"https:\/\/flightradar.flights\/fr\/#\/schema\/logo\/image\/"}}]}},"_links":{"self":[{"href":"https:\/\/flightradar.flights\/fr\/wp-json\/wp\/v2\/pages\/585","targetHints":{"allow":["GET"]}}],"collection":[{"href":"https:\/\/flightradar.flights\/fr\/wp-json\/wp\/v2\/pages"}],"about":[{"href":"https:\/\/flightradar.flights\/fr\/wp-json\/wp\/v2\/types\/page"}],"author":[{"embeddable":true,"href":"https:\/\/flightradar.flights\/fr\/wp-json\/wp\/v2\/users\/1"}],"replies":[{"embeddable":true,"href":"https:\/\/flightradar.flights\/fr\/wp-json\/wp\/v2\/comments?post=585"}],"version-history":[{"count":0,"href":"https:\/\/flightradar.flights\/fr\/wp-json\/wp\/v2\/pages\/585\/revisions"}],"wp:attachment":[{"href":"https:\/\/flightradar.flights\/fr\/wp-json\/wp\/v2\/media?parent=585"}],"curies":[{"name":"wp","href":"https:\/\/api.w.org\/{rel}","templated":true}]}}