{"id":861,"date":"2021-05-04T10:42:07","date_gmt":"2021-05-04T08:42:07","guid":{"rendered":"https:\/\/flightradar.flights\/?page_id=861"},"modified":"2025-04-07T11:24:59","modified_gmt":"2025-04-07T09:24:59","slug":"letecky-radar","status":"publish","type":"page","link":"https:\/\/flightradar.flights\/cs\/letecky-radar\/","title":{"rendered":"Leteck\u00fd radar"},"content":{"rendered":"\n<style type=\"text\/css\">\n.adslot_1 { width: 320px; height: 100px; }\n@media (min-width:500px) { .adslot_1 { width: 468px; height: 60px; } }\n@media (min-width:800px) { .adslot_1 { width: 728px; height: 90px; } }\n<\/style>\n<ins class=\"adsbygoogle adslot_1\"\n    style=\"display:flex; justify-content:center; align-items:center; width:100%;\"\n    data-ad-client=\"ca-pub-8699335927299131\"\n    data-ad-slot=\"5036631304\"><\/ins>\n<script async src=\"https:\/\/pagead2.googlesyndication.com\/pagead\/js\/adsbygoogle.js?client=ca-pub-8699335927299131\" crossorigin=\"anonymous\"><\/script>\n<script>(adsbygoogle = window.adsbygoogle || []).push({});<\/script>\n\n\n\n<link rel=\"stylesheet\" href=\"https:\/\/flightradar.flights\/content\/uploads\/custom-css-js\/718.css\">\n<figure class=\"full-width2\">\n<div class=\"main_widget\"><div style=\"display:flex;height:550px;background-color:#222;background-repeat: no-repeat;background-position-x:center;position:relative;align-items:center;justify-content:center;background-image:linear-gradient( rgba(0,0,0,.5),rgba(0,0,0,.5) ),url(https:\/\/flightradar.flights\/content\/uploads\/2024\/11\/PlaceholderRadar-minwepb.webp)\">\n<button id=\"button\" style=\"position:absolute;background-color:#ff9e09;border:none;border-radius:5px;font-size:25px;font-weight:700;padding:30px 45px;color:#282828\">START<\/button>\n<div id=\"iframeHolder\" style=\"width:100%\"><\/div><\/div><\/div><\/figure>\n\n\n<script src=\"https:\/\/radar24.net\/wp-content\/uploads\/custom-css-js\/28.js\"><\/script>\n<script src=\"https:\/\/flightradar.flights\/content\/uploads\/custom-css-js\/3883.js\"><\/script>\n\n\n\n<link rel=\"stylesheet\" href=\"https:\/\/flightradar.flights\/content\/uploads\/custom-css-js\/4504.css\">\n<div class=\"ad-containerbottom\">\n<script async src=\"https:\/\/pagead2.googlesyndication.com\/pagead\/js\/adsbygoogle.js?client=ca-pub-8699335927299131\"\n     crossorigin=\"anonymous\"><\/script>\n<!-- F.F Display underradar -->\n<ins class=\"adsbygoogle\"\n     style=\"display:block\"\n     data-ad-client=\"ca-pub-8699335927299131\"\n     data-ad-slot=\"8182423994\"\n     data-ad-format=\"auto\"\n     data-full-width-responsive=\"true\"><\/ins>\n<script>\n     (adsbygoogle = window.adsbygoogle || []).push({});\n<\/script>\n<\/div>\n\n\n\n<div style=\"height:50px\" aria-hidden=\"true\" class=\"wp-block-spacer\"><\/div>\n\n\n\n<div class=\"wp-block-group alignfull dottedbg has-base-3-color has-contrast-background-color has-text-color has-background\"><div class=\"wp-block-group__inner-container is-layout-flow wp-block-group-is-layout-flow\">\n<p class=\"has-text-align-center has-medium-font-size\"><em><strong>Tento kr\u00e1tk\u00fd <\/strong><\/em><i class=\"fab  fa-youtube-square\"><\/i><em><strong> <span style=\"color:#f90000\" class=\"has-inline-color\">Video<\/span> ukazuje, jak za\u0159adit letadlo na <span style=\"color:#62b515 \" class=\"has-inline-color\">flightradar.flights<\/span>.<\/strong><\/em><\/p>\n\n\n\n<div class=\"wp-block-columns is-layout-flex wp-container-core-columns-is-layout-9d6595d7 wp-block-columns-is-layout-flex\">\n<div class=\"wp-block-column is-layout-flow wp-block-column-is-layout-flow\"><figure class=\"wp-block-embed-youtube wp-block-embed is-type-video is-provider-youtube wp-embed-aspect-16-9 wp-has-aspect-ratio\"><div class=\"lyte-wrapper\" style=\"width:853px;max-width:100%;margin:5px auto;\"><div class=\"lyMe\" id=\"WYL_txr9oHXB5lQ\"><div id=\"lyte_txr9oHXB5lQ\" data-src=\"https:\/\/flightradar.flights\/content\/plugins\/wp-youtube-lyte\/lyteCache.php?origThumbUrl=%2F%2Fi.ytimg.com%2Fvi%2Ftxr9oHXB5lQ%2Fhqdefault.jpg\" class=\"pL\"><div class=\"tC\"><div class=\"tT\"><\/div><\/div><div class=\"play\"><\/div><div class=\"ctrl\"><div class=\"Lctrl\"><\/div><div class=\"Rctrl\"><\/div><\/div><\/div><noscript><a href=\"https:\/\/youtu.be\/txr9oHXB5lQ\" rel=\"nofollow\"><img loading=\"lazy\" decoding=\"async\" src=\"https:\/\/flightradar.flights\/content\/plugins\/wp-youtube-lyte\/lyteCache.php?origThumbUrl=https%3A%2F%2Fi.ytimg.com%2Fvi%2Ftxr9oHXB5lQ%2F0.jpg\" alt=\"YouTube video thumbnail\" width=\"853\" height=\"460\" \/><br \/>Watch this video on YouTube<\/a><\/noscript><\/div><\/div><div class=\"lL\" style=\"max-width:100%;width:853px;margin:5px auto;\"><\/div><figcaption><\/figcaption><\/figure><\/div>\n<\/div>\n<\/div><\/div>\n\n\n\n<div style=\"height:50px\" aria-hidden=\"true\" class=\"wp-block-spacer\"><\/div>\n\n\n\n<h1 class=\"wp-block-heading has-text-align-center\"><strong>V\u00edtejte na Flightradar.flights<\/strong><\/h1>\n\n\n\n<p class=\"has-text-align-center\">Klepnut\u00edm na letadlo v letov\u00e9m radaru jej p\u0159\u00edmo sledujte, nebo zadejte platn\u00e9 \u010d\u00edslo letu do vyhled\u00e1vac\u00edho pole v\u00fd\u0161e a potvr\u010fte zad\u00e1n\u00ed, aby se po\u017eadovan\u00fd let zobrazil na letov\u00e9m radaru.<\/p>\n\n\n\n<p class=\"has-text-align-center\">Po v\u00fdb\u011bru letu se letadlo zv\u00fdrazn\u00ed, zobraz\u00ed se trasa letu a na radaru v li\u0161t\u011b na lev\u00e9 stran\u011b z\u00edsk\u00e1te p\u0159ehled o v\u0161ech d\u016fle\u017eit\u00fdch \u00fadaj\u00edch o zvolen\u00e9m letu.<\/p>\n\n\n\n<div style=\"height:100px\" aria-hidden=\"true\" class=\"wp-block-spacer\"><\/div>\n\n\n\n<h1 class=\"wp-block-heading has-text-align-center has-large-font-size\"><strong>Leteck\u00fd radar<\/strong><\/h1>\n\n\n\n<p class=\"has-text-align-center\">S letov\u00fdm radarem m\u016f\u017eete sledovat aktu\u00e1ln\u00ed lety na map\u011b v re\u00e1ln\u00e9m \u010dase.<\/p>\n\n\n\n<p class=\"has-text-align-center\">To v\u00e1m pom\u016f\u017ee z\u00edskat p\u0159ehled o aktu\u00e1ln\u00edm letov\u00e9m provozu.<\/p>\n\n\n\n<p class=\"has-text-align-center\">M\u00e1te tak\u00e9 mo\u017enost sledovat konkr\u00e9tn\u00ed let na letov\u00e9m radaru a prohl\u00ed\u017eet d\u016fle\u017eit\u00e1 data.<\/p>\n\n\n\n<p class=\"has-text-align-center\">S platn\u00fdm \u010d\u00edslem letu m\u016f\u017eete vyhledat polohu konkr\u00e9tn\u00edho letadla a zjistit, kde se dan\u00e9 letadlo v re\u00e1ln\u00e9m \u010dase nach\u00e1z\u00ed.<\/p>\n\n\n\n<p class=\"has-text-align-center\">S letov\u00fdm radarem vid\u00edte o\u010dek\u00e1vanou dobu p\u0159\u00edjezdu. To je u\u017eite\u010dn\u00e9, pokud chcete n\u011bkoho vyzvednout na leti\u0161ti.<\/p>\n\n\n\n<div style=\"height:100px\" aria-hidden=\"true\" class=\"wp-block-spacer\"><\/div>\n\n\n<div class=\"wp-block-image\">\n<figure class=\"aligncenter size-large\"><img loading=\"lazy\" decoding=\"async\" width=\"110\" height=\"147\" src=\"https:\/\/flightradar.flights\/content\/uploads\/2021\/04\/OOPS110-min.png\" alt=\"Jak funguje letov\u00fd radar?\" class=\"wp-image-87\"\/><\/figure>\n<\/div>\n\n\n<h2 class=\"wp-block-heading has-text-align-center has-medium-font-size\"><strong>Jak funguje leteck\u00fd radar?<\/strong><\/h2>\n\n\n\n<p class=\"has-text-align-center\">Syst\u00e9m ADS-B se v sou\u010dasn\u00e9 dob\u011b v\u011bt\u0161inou pou\u017e\u00edv\u00e1 k p\u0159\u00edjmu aktu\u00e1ln\u00edch dat z letadel, kter\u00e1 jsou aktu\u00e1ln\u011b ve vzduchu.<\/p>\n\n\n\n<p class=\"has-text-align-center\">S vys\u00edlac\u00edm syst\u00e9mem ADS-B (Automatic Dependent Surveillance &#8211; Broadcast) lze vizu\u00e1ln\u011b zobrazit pohyby letu ve vzdu\u0161n\u00e9m prostoru a d\u016fle\u017eit\u00e1 data.<\/p>\n\n\n\n<p class=\"has-text-align-center\">To pom\u00e1h\u00e1 \u0159\u00edzen\u00ed letov\u00e9ho provozu z\u00edskat p\u0159ehled o letov\u00e9m provozu, vyhodnotit data a p\u0159ijmout opat\u0159en\u00ed k zaji\u0161t\u011bn\u00ed bezpe\u010dn\u00e9 oblasti letov\u00e9ho provozu.<\/p>\n\n\n\n<p class=\"has-text-align-center\">Letov\u00e1 data jsou tak\u00e9 shroma\u017e\u010fov\u00e1na prost\u0159ednictv\u00edm satelitu a ADS-C.<\/p>\n\n\n\n<p class=\"has-text-align-center\">Pro transatlantick\u00e9 lety se obvykle pou\u017e\u00edvaj\u00ed satelity a syst\u00e9my ADS-C, proto\u017ee dosah ADS-B nen\u00ed v\u017edy dostate\u010dn\u00fd.<\/p>\n\n\n\n<div style=\"height:100px\" aria-hidden=\"true\" class=\"wp-block-spacer\"><\/div>\n\n\n<div class=\"wp-block-image\">\n<figure class=\"aligncenter size-large\"><img loading=\"lazy\" decoding=\"async\" width=\"150\" height=\"118\" src=\"https:\/\/flightradar.flights\/content\/uploads\/2021\/04\/Flight-Tracker-min1-min.png\" alt=\"Vyhledejte letadlo s \u010d\u00edslem letu\" class=\"wp-image-91\"\/><\/figure>\n<\/div>\n\n\n<h2 class=\"wp-block-heading has-text-align-center has-medium-font-size\"><strong>Zadejte \u010d\u00edslo letu a m\u016f\u017eete za\u010d\u00edt!<\/strong><\/h2>\n\n\n\n<p class=\"has-text-align-center\">Hled\u00e1te konkr\u00e9tn\u00ed let? Pot\u00e9 jednodu\u0161e zadejte platn\u00e9 \u010d\u00edslo letu do vyhled\u00e1vac\u00ed li\u0161ty v letov\u00e9m radaru.<\/p>\n\n\n\n<p class=\"has-text-align-center\">Po zah\u00e1jen\u00ed vyhled\u00e1v\u00e1n\u00ed se letadlo zobraz\u00ed p\u0159\u00edmo v\u00e1m a sleduje se v re\u00e1ln\u00e9m \u010dase.<\/p>\n\n\n\n<p class=\"has-text-align-center\">Na lev\u00e9m postrann\u00edm panelu se zobraz\u00ed u\u017eite\u010dn\u00e9 informace o ozna\u010den\u00e9m letadle<\/p>\n\n\n\n<div style=\"height:100px\" aria-hidden=\"true\" class=\"wp-block-spacer\"><\/div>\n\n\n\n<h2 class=\"wp-block-heading has-text-align-center has-white-color has-black-background-color has-text-color has-background has-medium-font-size\"><strong>Nej\u010dast\u011bj\u0161\u00ed dotazy t\u00fdkaj\u00edc\u00ed se letov\u00e9ho radaru<\/strong><\/h2>\n\n\n\n<div style=\"height:100px\" aria-hidden=\"true\" class=\"wp-block-spacer\"><\/div>\n\n\n\n<div class=\"wp-block-columns has-background is-layout-flex wp-container-core-columns-is-layout-9d6595d7 wp-block-columns-is-layout-flex\" style=\"background-color:#d4d4d4\">\n<div class=\"wp-block-column is-layout-flow wp-block-column-is-layout-flow\">\n<div class=\"wp-block-pb-accordion-item c-accordion__item js-accordion-item no-js .c-accordion__title:hover .c-accordion__title:focus\" data-initially-open=\"false\" data-click-to-close=\"true\" data-auto-close=\"true\" data-scroll=\"false\" data-scroll-offset=\"0\"><h3 id=\"at-8610\" class=\"c-accordion__title js-accordion-controller\" role=\"button\"><strong>Je letov\u00fd radar zdarma?<\/strong><\/h3><div id=\"ac-8610\" class=\"c-accordion__content\">\n<p>Ano. <strong>Flightradar.flights<\/strong> m\u016f\u017eete pou\u017e\u00edvat zdarma. Pokud v\u0161ak chcete v\u00edce funkc\u00ed, pak si mus\u00edte na Flightradar24.com objednat p\u0159edplatn\u00e9 za poplatek, kter\u00fd odpov\u00edd\u00e1 va\u0161im pot\u0159eb\u00e1m.<\/p>\n<\/div><\/div>\n<\/div>\n\n\n\n<div class=\"wp-block-column is-layout-flow wp-block-column-is-layout-flow\" style=\"flex-basis:15%\"><\/div>\n\n\n\n<div class=\"wp-block-column is-layout-flow wp-block-column-is-layout-flow\">\n<div class=\"wp-block-pb-accordion-item c-accordion__item js-accordion-item no-js\" data-initially-open=\"false\" data-click-to-close=\"true\" data-auto-close=\"true\" data-scroll=\"false\" data-scroll-offset=\"0\"><h3 id=\"at-8611\" class=\"c-accordion__title js-accordion-controller\" role=\"button\"><strong>Kolik letadel let\u00ed denn\u011b?<\/strong><\/h3><div id=\"ac-8611\" class=\"c-accordion__content\">\n<p>Ka\u017ed\u00fd den l\u00e9t\u00e1 po cel\u00e9m sv\u011bt\u011b v pr\u016fm\u011bru v\u00edce ne\u017e <strong>200 000<\/strong> letadel<\/p>\n<\/div><\/div>\n<\/div>\n<\/div>\n\n\n\n<div class=\"wp-block-columns has-base-background-color has-background is-layout-flex wp-container-core-columns-is-layout-9d6595d7 wp-block-columns-is-layout-flex\">\n<div class=\"wp-block-column is-layout-flow wp-block-column-is-layout-flow\">\n<div class=\"wp-block-pb-accordion-item c-accordion__item js-accordion-item no-js .c-accordion__title:hover .c-accordion__title:focus\" data-initially-open=\"false\" data-click-to-close=\"true\" data-auto-close=\"true\" data-scroll=\"false\" data-scroll-offset=\"0\"><h3 id=\"at-8612\" class=\"c-accordion__title js-accordion-controller\" role=\"button\"><strong><strong>Pro\u010d najednou zmizelo letadlo z letov\u00e9ho radaru?<\/strong><\/strong><\/h3><div id=\"ac-8612\" class=\"c-accordion__content\">\n<p>S nejv\u011bt\u0161\u00ed pravd\u011bpodobnost\u00ed chyb\u00ed aktu\u00e1ln\u00ed data pro let, kter\u00fd hled\u00e1te. To se m\u016f\u017ee st\u00e1t v oblastech, pokud na zemi nen\u00ed dostatek p\u0159ij\u00edma\u010d\u016f ADS-B.<\/p>\n\n\n\n<p>\u010cast\u011bji v\u0161ak tak\u00e9 chyb\u00ed p\u0159enos dat p\u0159i letu nad Atlantsk\u00fdm oce\u00e1nem.<\/p>\n<\/div><\/div>\n<\/div>\n\n\n\n<div class=\"wp-block-column is-layout-flow wp-block-column-is-layout-flow\" style=\"flex-basis:15%\"><\/div>\n\n\n\n<div class=\"wp-block-column is-layout-flow wp-block-column-is-layout-flow\">\n<div class=\"wp-block-pb-accordion-item c-accordion__item js-accordion-item no-js\" data-initially-open=\"false\" data-click-to-close=\"true\" data-auto-close=\"true\" data-scroll=\"false\" data-scroll-offset=\"0\"><h3 id=\"at-8613\" class=\"c-accordion__title js-accordion-controller\" role=\"button\"><strong><strong>Pro\u010d letadlo l\u00e9t\u00e1 v kruz\u00edch?<\/strong><\/strong><\/h3><div id=\"ac-8613\" class=\"c-accordion__content\">\n<p>Pokud se k leti\u0161ti bl\u00ed\u017e\u00ed n\u011bkolik letadel. Pot\u00e9 \u0159\u00edd\u00edc\u00ed letov\u00e9ho provozu reguluje dobu p\u0159ist\u00e1n\u00ed letadla.<\/p>\n\n\n\n<p>Proto\u017ee mezi p\u0159ist\u00e1n\u00edm na leti\u0161ti mus\u00ed b\u00fdt \u010dasov\u00e9 intervaly. Aby se vytvo\u0159ilo \u010dasov\u00e9 okno, l\u00e9taj\u00ed n\u011bkter\u00e1 letadla na pokyn \u0159\u00edd\u00edc\u00edho letov\u00e9ho provozu v kruhu.<\/p>\n<\/div><\/div>\n<\/div>\n<\/div>\n\n\n\n<div class=\"wp-block-columns has-background is-layout-flex wp-container-core-columns-is-layout-9d6595d7 wp-block-columns-is-layout-flex\" style=\"background-color:#d4d4d4\">\n<div class=\"wp-block-column is-layout-flow wp-block-column-is-layout-flow\">\n<div class=\"wp-block-pb-accordion-item c-accordion__item js-accordion-item no-js .c-accordion__title:hover .c-accordion__title:focus\" data-initially-open=\"false\" data-click-to-close=\"true\" data-auto-close=\"true\" data-scroll=\"false\" data-scroll-offset=\"0\"><h3 id=\"at-8614\" class=\"c-accordion__title js-accordion-controller\" role=\"button\"><strong>Zobrazuj\u00ed se v letov\u00e9m radaru tak\u00e9 vrtuln\u00edky a vojensk\u00e1 letadla?<\/strong><\/h3><div id=\"ac-8614\" class=\"c-accordion__content\">\n<p>Na letov\u00e9m radaru jsou tak\u00e9 zobrazeny vrtuln\u00edky a vojensk\u00e1 letadla.<\/p>\n\n\n\n<p>Vojensk\u00e1 letadla jsou v\u0161ak vystavena jen v omezen\u00e9 m\u00ed\u0159e.<\/p>\n\n\n\n<p>M\u016f\u017eete tak\u00e9 sledovat soukrom\u00e9 lety<\/p>\n<\/div><\/div>\n<\/div>\n\n\n\n<div class=\"wp-block-column is-layout-flow wp-block-column-is-layout-flow\" style=\"flex-basis:15%\"><\/div>\n\n\n\n<div class=\"wp-block-column is-layout-flow wp-block-column-is-layout-flow\">\n<div class=\"wp-block-pb-accordion-item c-accordion__item js-accordion-item no-js\" data-initially-open=\"false\" data-click-to-close=\"true\" data-auto-close=\"true\" data-scroll=\"false\" data-scroll-offset=\"0\"><h3 id=\"at-8615\" class=\"c-accordion__title js-accordion-controller\" role=\"button\"><strong>Jak\u00e9 je nejrychlej\u0161\u00ed dopravn\u00ed letadlo na sv\u011bt\u011b?<\/strong><\/h3><div id=\"ac-8615\" class=\"c-accordion__content\">\n<p>Nejrychlej\u0161\u00edm osobn\u00edm letadlem na trhu je Boeing 747-8i s maxim\u00e1ln\u00ed rychlost\u00ed <strong>1060 kilometr\u016f za hodinu (km\/h)<\/strong><\/p>\n<\/div><\/div>\n<\/div>\n<\/div>\n\n\n\n<div style=\"height:100px\" aria-hidden=\"true\" class=\"wp-block-spacer\"><\/div>\n\n\n\n<h2 class=\"wp-block-heading has-text-align-center has-medium-font-size\"><strong>Informace a vzorov\u00e9 dopisy<\/strong><\/h2>\n\n\n\n<div class=\"wp-block-buttons is-vertical is-content-justification-center is-layout-flex wp-container-core-buttons-is-layout-9a7cdcfd wp-block-buttons-is-layout-flex\">\n<div class=\"wp-block-button has-custom-font-size is-style-outline has-medium-font-size is-style-outline--1\"><a class=\"wp-block-button__link has-background wp-element-button\" href=\"https:\/\/flightradar.flights\/cs\/narizeni-o-pravech-cestujicich\/\" style=\"border-radius:8px;background-color:#62b515\" target=\"_blank\" rel=\"noreferrer noopener\"><strong>Na\u0159\u00edzen\u00ed o pr\u00e1vech cestuj\u00edc\u00edch v leteck\u00e9 doprav\u011b<\/strong><\/a><\/div>\n\n\n\n<div class=\"wp-block-button has-custom-font-size is-style-outline has-medium-font-size is-style-outline--2\"><a class=\"wp-block-button__link has-background wp-element-button\" href=\"https:\/\/flightradar.flights\/cs\/kompenzace-zpozdeni-letu-podle-sablony\/\" style=\"border-radius:8px;background-color:#62b515\" target=\"_blank\" rel=\"noreferrer noopener\"><strong>Vzorov\u00fd dopis kompenzace zpo\u017ed\u011bn\u00ed letu<\/strong><\/a><\/div>\n\n\n\n<div class=\"wp-block-button has-custom-font-size is-style-outline has-medium-font-size is-style-outline--3\"><a class=\"wp-block-button__link has-background wp-element-button\" href=\"https:\/\/flightradar.flights\/cs\/let-vzoroveho-dopisu-zrusen\/\" style=\"border-radius:8px;background-color:#62b515\" target=\"_blank\" rel=\"noreferrer noopener\"><strong>Let s kompenza\u010dn\u00edm dopisem byl zru\u0161en<\/strong><\/a><\/div>\n<\/div>\n\n\n\n<div class=\"wp-block-buttons is-horizontal is-content-justification-center is-layout-flex wp-container-core-buttons-is-layout-499968f5 wp-block-buttons-is-layout-flex\">\n<div class=\"wp-block-button has-custom-font-size is-style-outline has-medium-font-size is-style-outline--4\"><a class=\"wp-block-button__link has-background wp-element-button\" href=\"https:\/\/flightradar.flights\/cs\/\" style=\"background-color:#62b515\" target=\"_blank\" rel=\"noreferrer noopener\"> <strong>Flightradar24 <\/strong><\/a><\/div>\n\n\n\n<div class=\"wp-block-button has-custom-font-size is-style-outline has-medium-font-size is-style-outline--5\"><a class=\"wp-block-button__link has-background wp-element-button\" href=\"https:\/\/flightradar.flights\/cs\/sledovani-letu\/\" style=\"background-color:#62b515\" target=\"_blank\" rel=\"noreferrer noopener\"><strong>Sledov\u00e1n\u00ed letu<\/strong><\/a><\/div>\n<\/div>\n","protected":false},"excerpt":{"rendered":"<p>START Tento kr\u00e1tk\u00fd Video ukazuje, jak za\u0159adit letadlo na flightradar.flights. V\u00edtejte na Flightradar.flights Klepnut\u00edm na letadlo v letov\u00e9m radaru jej p\u0159\u00edmo sledujte, nebo zadejte platn\u00e9 \u010d\u00edslo letu do vyhled\u00e1vac\u00edho pole v\u00fd\u0161e a potvr\u010fte zad\u00e1n\u00ed, aby se po\u017eadovan\u00fd let zobrazil na letov\u00e9m radaru. Po v\u00fdb\u011bru letu se letadlo zv\u00fdrazn\u00ed, zobraz\u00ed se trasa letu a na radaru &#8230; <\/p>\n<p class=\"read-more-container\"><a title=\"Leteck\u00fd radar\" class=\"read-more button\" href=\"https:\/\/flightradar.flights\/cs\/letecky-radar\/#more-861\" aria-label=\"More on Leteck\u00fd radar\">Read more<\/a><\/p>\n","protected":false},"author":1,"featured_media":828,"parent":0,"menu_order":0,"comment_status":"closed","ping_status":"closed","template":"","meta":{"footnotes":""},"class_list":["post-861","page","type-page","status-publish","has-post-thumbnail"],"yoast_head":"<!-- This site is optimized with the Yoast SEO plugin v27.2 - https:\/\/yoast.com\/product\/yoast-seo-wordpress\/ -->\n<title>Letov\u00fd radar - sledujte letadla v re\u00e1ln\u00e9m \u010dase - flightradar.flights<\/title>\n<meta name=\"description\" content=\"S t\u00edmto letov\u00fdm radarem m\u016f\u017eete sledovat v\u0161echny lety po cel\u00e9m sv\u011bt\u011b a v re\u00e1ln\u00e9m \u010dase na smartphonu nebo po\u010d\u00edta\u010di bez registrace.\" \/>\n<meta name=\"robots\" content=\"index, follow, max-snippet:-1, max-image-preview:large, max-video-preview:-1\" \/>\n<link rel=\"canonical\" href=\"https:\/\/flightradar.flights\/cs\/letecky-radar\/\" \/>\n<meta property=\"og:locale\" content=\"cs_CZ\" \/>\n<meta property=\"og:type\" content=\"article\" \/>\n<meta property=\"og:title\" content=\"Letov\u00fd radar - sledujte letadla v re\u00e1ln\u00e9m \u010dase - flightradar.flights\" \/>\n<meta property=\"og:description\" content=\"S t\u00edmto letov\u00fdm radarem m\u016f\u017eete sledovat v\u0161echny lety po cel\u00e9m sv\u011bt\u011b a v re\u00e1ln\u00e9m \u010dase na smartphonu nebo po\u010d\u00edta\u010di bez registrace.\" \/>\n<meta property=\"og:url\" content=\"https:\/\/flightradar.flights\/cs\/letecky-radar\/\" \/>\n<meta property=\"og:site_name\" content=\"flightradar.flights\" \/>\n<meta property=\"article:modified_time\" content=\"2025-04-07T09:24:59+00:00\" \/>\n<meta property=\"og:image\" content=\"https:\/\/flightradar.flights\/content\/uploads\/2021\/04\/Logotrue500-min.png\" \/>\n\t<meta property=\"og:image:width\" content=\"500\" \/>\n\t<meta property=\"og:image:height\" content=\"508\" \/>\n\t<meta property=\"og:image:type\" content=\"image\/png\" \/>\n<meta name=\"twitter:card\" content=\"summary_large_image\" \/>\n<meta name=\"twitter:label1\" content=\"Odhadovan\u00e1 doba \u010dten\u00ed\" \/>\n\t<meta name=\"twitter:data1\" content=\"3 minuty\" \/>\n<script type=\"application\/ld+json\" class=\"yoast-schema-graph\">{\"@context\":\"https:\/\/schema.org\",\"@graph\":[{\"@type\":\"WebPage\",\"@id\":\"https:\/\/flightradar.flights\/cs\/letecky-radar\/\",\"url\":\"https:\/\/flightradar.flights\/cs\/letecky-radar\/\",\"name\":\"Letov\u00fd radar - sledujte letadla v re\u00e1ln\u00e9m \u010dase - flightradar.flights\",\"isPartOf\":{\"@id\":\"https:\/\/flightradar.flights\/cs\/#website\"},\"primaryImageOfPage\":{\"@id\":\"https:\/\/flightradar.flights\/cs\/letecky-radar\/#primaryimage\"},\"image\":{\"@id\":\"https:\/\/flightradar.flights\/cs\/letecky-radar\/#primaryimage\"},\"thumbnailUrl\":\"https:\/\/flightradar.flights\/content\/uploads\/2021\/04\/Logotrue500-min.png\",\"datePublished\":\"2021-05-04T08:42:07+00:00\",\"dateModified\":\"2025-04-07T09:24:59+00:00\",\"description\":\"S t\u00edmto letov\u00fdm radarem m\u016f\u017eete sledovat v\u0161echny lety po cel\u00e9m sv\u011bt\u011b a v re\u00e1ln\u00e9m \u010dase na smartphonu nebo po\u010d\u00edta\u010di bez registrace.\",\"breadcrumb\":{\"@id\":\"https:\/\/flightradar.flights\/cs\/letecky-radar\/#breadcrumb\"},\"inLanguage\":\"cs\",\"potentialAction\":[{\"@type\":\"ReadAction\",\"target\":[\"https:\/\/flightradar.flights\/cs\/letecky-radar\/\"]}]},{\"@type\":\"ImageObject\",\"inLanguage\":\"cs\",\"@id\":\"https:\/\/flightradar.flights\/cs\/letecky-radar\/#primaryimage\",\"url\":\"https:\/\/flightradar.flights\/content\/uploads\/2021\/04\/Logotrue500-min.png\",\"contentUrl\":\"https:\/\/flightradar.flights\/content\/uploads\/2021\/04\/Logotrue500-min.png\",\"width\":500,\"height\":508,\"caption\":\"Flightradar.flights logo\"},{\"@type\":\"BreadcrumbList\",\"@id\":\"https:\/\/flightradar.flights\/cs\/letecky-radar\/#breadcrumb\",\"itemListElement\":[{\"@type\":\"ListItem\",\"position\":1,\"name\":\"Startseite\",\"item\":\"https:\/\/flightradar.flights\/cs\/\"},{\"@type\":\"ListItem\",\"position\":2,\"name\":\"Leteck\u00fd radar\"}]},{\"@type\":\"WebSite\",\"@id\":\"https:\/\/flightradar.flights\/cs\/#website\",\"url\":\"https:\/\/flightradar.flights\/cs\/\",\"name\":\"flightradar.flights\",\"description\":\"\",\"publisher\":{\"@id\":\"https:\/\/flightradar.flights\/cs\/#organization\"},\"potentialAction\":[{\"@type\":\"SearchAction\",\"target\":{\"@type\":\"EntryPoint\",\"urlTemplate\":\"https:\/\/flightradar.flights\/cs\/?s={search_term_string}\"},\"query-input\":{\"@type\":\"PropertyValueSpecification\",\"valueRequired\":true,\"valueName\":\"search_term_string\"}}],\"inLanguage\":\"cs\"},{\"@type\":\"Organization\",\"@id\":\"https:\/\/flightradar.flights\/cs\/#organization\",\"name\":\"flightradar.flights\",\"url\":\"https:\/\/flightradar.flights\/cs\/\",\"logo\":{\"@type\":\"ImageObject\",\"inLanguage\":\"cs\",\"@id\":\"https:\/\/flightradar.flights\/cs\/#\/schema\/logo\/image\/\",\"url\":\"https:\/\/flightradar.flights\/content\/uploads\/2022\/01\/Logo150x150.jpg\",\"contentUrl\":\"https:\/\/flightradar.flights\/content\/uploads\/2022\/01\/Logo150x150.jpg\",\"width\":150,\"height\":150,\"caption\":\"flightradar.flights\"},\"image\":{\"@id\":\"https:\/\/flightradar.flights\/cs\/#\/schema\/logo\/image\/\"}}]}<\/script>\n<!-- \/ Yoast SEO plugin. -->","yoast_head_json":{"title":"Letov\u00fd radar - sledujte letadla v re\u00e1ln\u00e9m \u010dase - flightradar.flights","description":"S t\u00edmto letov\u00fdm radarem m\u016f\u017eete sledovat v\u0161echny lety po cel\u00e9m sv\u011bt\u011b a v re\u00e1ln\u00e9m \u010dase na smartphonu nebo po\u010d\u00edta\u010di bez registrace.","robots":{"index":"index","follow":"follow","max-snippet":"max-snippet:-1","max-image-preview":"max-image-preview:large","max-video-preview":"max-video-preview:-1"},"canonical":"https:\/\/flightradar.flights\/cs\/letecky-radar\/","og_locale":"cs_CZ","og_type":"article","og_title":"Letov\u00fd radar - sledujte letadla v re\u00e1ln\u00e9m \u010dase - flightradar.flights","og_description":"S t\u00edmto letov\u00fdm radarem m\u016f\u017eete sledovat v\u0161echny lety po cel\u00e9m sv\u011bt\u011b a v re\u00e1ln\u00e9m \u010dase na smartphonu nebo po\u010d\u00edta\u010di bez registrace.","og_url":"https:\/\/flightradar.flights\/cs\/letecky-radar\/","og_site_name":"flightradar.flights","article_modified_time":"2025-04-07T09:24:59+00:00","og_image":[{"width":500,"height":508,"url":"https:\/\/flightradar.flights\/content\/uploads\/2021\/04\/Logotrue500-min.png","type":"image\/png"}],"twitter_card":"summary_large_image","twitter_misc":{"Odhadovan\u00e1 doba \u010dten\u00ed":"3 minuty"},"schema":{"@context":"https:\/\/schema.org","@graph":[{"@type":"WebPage","@id":"https:\/\/flightradar.flights\/cs\/letecky-radar\/","url":"https:\/\/flightradar.flights\/cs\/letecky-radar\/","name":"Letov\u00fd radar - sledujte letadla v re\u00e1ln\u00e9m \u010dase - flightradar.flights","isPartOf":{"@id":"https:\/\/flightradar.flights\/cs\/#website"},"primaryImageOfPage":{"@id":"https:\/\/flightradar.flights\/cs\/letecky-radar\/#primaryimage"},"image":{"@id":"https:\/\/flightradar.flights\/cs\/letecky-radar\/#primaryimage"},"thumbnailUrl":"https:\/\/flightradar.flights\/content\/uploads\/2021\/04\/Logotrue500-min.png","datePublished":"2021-05-04T08:42:07+00:00","dateModified":"2025-04-07T09:24:59+00:00","description":"S t\u00edmto letov\u00fdm radarem m\u016f\u017eete sledovat v\u0161echny lety po cel\u00e9m sv\u011bt\u011b a v re\u00e1ln\u00e9m \u010dase na smartphonu nebo po\u010d\u00edta\u010di bez registrace.","breadcrumb":{"@id":"https:\/\/flightradar.flights\/cs\/letecky-radar\/#breadcrumb"},"inLanguage":"cs","potentialAction":[{"@type":"ReadAction","target":["https:\/\/flightradar.flights\/cs\/letecky-radar\/"]}]},{"@type":"ImageObject","inLanguage":"cs","@id":"https:\/\/flightradar.flights\/cs\/letecky-radar\/#primaryimage","url":"https:\/\/flightradar.flights\/content\/uploads\/2021\/04\/Logotrue500-min.png","contentUrl":"https:\/\/flightradar.flights\/content\/uploads\/2021\/04\/Logotrue500-min.png","width":500,"height":508,"caption":"Flightradar.flights logo"},{"@type":"BreadcrumbList","@id":"https:\/\/flightradar.flights\/cs\/letecky-radar\/#breadcrumb","itemListElement":[{"@type":"ListItem","position":1,"name":"Startseite","item":"https:\/\/flightradar.flights\/cs\/"},{"@type":"ListItem","position":2,"name":"Leteck\u00fd radar"}]},{"@type":"WebSite","@id":"https:\/\/flightradar.flights\/cs\/#website","url":"https:\/\/flightradar.flights\/cs\/","name":"flightradar.flights","description":"","publisher":{"@id":"https:\/\/flightradar.flights\/cs\/#organization"},"potentialAction":[{"@type":"SearchAction","target":{"@type":"EntryPoint","urlTemplate":"https:\/\/flightradar.flights\/cs\/?s={search_term_string}"},"query-input":{"@type":"PropertyValueSpecification","valueRequired":true,"valueName":"search_term_string"}}],"inLanguage":"cs"},{"@type":"Organization","@id":"https:\/\/flightradar.flights\/cs\/#organization","name":"flightradar.flights","url":"https:\/\/flightradar.flights\/cs\/","logo":{"@type":"ImageObject","inLanguage":"cs","@id":"https:\/\/flightradar.flights\/cs\/#\/schema\/logo\/image\/","url":"https:\/\/flightradar.flights\/content\/uploads\/2022\/01\/Logo150x150.jpg","contentUrl":"https:\/\/flightradar.flights\/content\/uploads\/2022\/01\/Logo150x150.jpg","width":150,"height":150,"caption":"flightradar.flights"},"image":{"@id":"https:\/\/flightradar.flights\/cs\/#\/schema\/logo\/image\/"}}]}},"_links":{"self":[{"href":"https:\/\/flightradar.flights\/cs\/wp-json\/wp\/v2\/pages\/861","targetHints":{"allow":["GET"]}}],"collection":[{"href":"https:\/\/flightradar.flights\/cs\/wp-json\/wp\/v2\/pages"}],"about":[{"href":"https:\/\/flightradar.flights\/cs\/wp-json\/wp\/v2\/types\/page"}],"author":[{"embeddable":true,"href":"https:\/\/flightradar.flights\/cs\/wp-json\/wp\/v2\/users\/1"}],"replies":[{"embeddable":true,"href":"https:\/\/flightradar.flights\/cs\/wp-json\/wp\/v2\/comments?post=861"}],"version-history":[{"count":0,"href":"https:\/\/flightradar.flights\/cs\/wp-json\/wp\/v2\/pages\/861\/revisions"}],"wp:featuredmedia":[{"embeddable":true,"href":"https:\/\/flightradar.flights\/cs\/wp-json\/wp\/v2\/media\/828"}],"wp:attachment":[{"href":"https:\/\/flightradar.flights\/cs\/wp-json\/wp\/v2\/media?parent=861"}],"curies":[{"name":"wp","href":"https:\/\/api.w.org\/{rel}","templated":true}]}}